{"id":13050,"date":"2021-01-24T23:52:45","date_gmt":"2021-01-24T21:52:45","guid":{"rendered":"https:\/\/www.fundaciokalida.org\/com-tajudem\/cancer-i-relacions-socials\/"},"modified":"2021-08-25T13:27:44","modified_gmt":"2021-08-25T11:27:44","slug":"cancer-y-relaciones-sociales","status":"publish","type":"page","link":"https:\/\/staging-fundaciokalida.jolmandeveloper.es\/es\/como-te-ayudamos\/cancer-y-relaciones-sociales\/","title":{"rendered":"C\u00e1ncer y relaciones sociales"},"content":{"rendered":"<section class=\"l-section wpb_row height_large with_slider\"><div class=\"l-section-slider\"><div class=\"w-slider style_none fit_cover nav_none count_1\"><div class=\"w-slider-h\" aria-hidden=\"true\"><div class=\"royalSlider\"><div class=\"rsContent\"><a class=\"rsImg\" data-rsw=\"2048\" data-rsh=\"800\" href=\"https:\/\/staging-fundaciokalida.jolmandeveloper.es\/wp-content\/uploads\/2021\/03\/1_5_capcalera.jpg\"><span data-alt=\"\"><\/span><\/a><\/div><\/div><img decoding=\"async\" src=\"https:\/\/staging-fundaciokalida.jolmandeveloper.es\/wp-content\/uploads\/2021\/03\/1_5_capcalera.jpg\" width=\"2048\" height=\"800\" alt loading=\"lazy\"><\/div><div class=\"w-slider-json\" onclick='return {&quot;autoScaleSlider&quot;:true,&quot;addActiveClass&quot;:true,&quot;loop&quot;:true,&quot;fadeInLoadedSlide&quot;:false,&quot;slidesSpacing&quot;:0,&quot;imageScalePadding&quot;:0,&quot;numImagesToPreload&quot;:2,&quot;arrowsNav&quot;:false,&quot;arrowsNavAutoHide&quot;:false,&quot;transitionType&quot;:&quot;move&quot;,&quot;transitionSpeed&quot;:1000,&quot;block&quot;:{&quot;moveEffect&quot;:&quot;none&quot;,&quot;speed&quot;:300},&quot;thumbs&quot;:{&quot;fitInViewport&quot;:false,&quot;firstMargin&quot;:false,&quot;spacing&quot;:4},&quot;controlNavigation&quot;:&quot;none&quot;,&quot;autoplay&quot;:{&quot;enabled&quot;:true,&quot;pauseOnHover&quot;:false,&quot;delay&quot;:3000},&quot;autoScaleSliderWidth&quot;:2048,&quot;autoScaleSliderHeight&quot;:800}'><\/div><\/div><\/div><div class=\"l-section-overlay\" style=\"background:rgba(0,0,0,0.55)\"><\/div><div class=\"l-section-h i-cf\"><div class=\"g-cols vc_row via_flex valign_top type_default stacking_default\"><div class=\"vc_col-sm-12 wpb_column vc_column_container\"><div class=\"vc_column-inner\"><div class=\"wpb_wrapper\"><h2 class=\"w-post-elm post_title us_custom_c5f8942a has_text_color align_center entry-title color_link_inherit\">C\u00e1ncer y relaciones sociales<\/h2><div class=\"g-cols wpb_row via_flex valign_middle type_default stacking_default\"><div class=\"vc_col-sm-3 wpb_column vc_column_container\"><div class=\"vc_column-inner\"><div class=\"wpb_wrapper\"><\/div><\/div><\/div><div class=\"vc_col-sm-6 wpb_column vc_column_container\"><div class=\"vc_column-inner\"><div class=\"wpb_wrapper\"><div class=\"wpb_text_column us_custom_143a21bc has_text_color\"><div class=\"wpb_wrapper\"><p style=\"text-align: center;\">EL IMPACTO EN LAS RELACIONES CON TUS SERES QUERIDOS Y C\u00d3MO GESTIONARLO<\/p>\n<\/div><\/div><\/div><\/div><\/div><div class=\"vc_col-sm-3 wpb_column vc_column_container\"><div class=\"vc_column-inner\"><div class=\"wpb_wrapper\"><\/div><\/div><\/div><\/div><\/div><\/div><\/div><\/div><\/div><\/section><section class=\"l-section wpb_row height_small\"><div class=\"l-section-h i-cf\"><div class=\"g-cols vc_row via_flex valign_top type_default stacking_default\"><div class=\"vc_col-sm-12 wpb_column vc_column_container\"><div class=\"vc_column-inner\"><div class=\"wpb_wrapper\"><nav class=\"g-breadcrumbs separator_custom align_none\" itemscope itemtype=\"http:\/\/schema.org\/BreadcrumbList\"><div class=\"g-breadcrumbs-item\" itemscope itemprop=\"itemListElement\" itemtype=\"http:\/\/schema.org\/ListItem\"><a itemprop=\"item\" href=\"https:\/\/staging-fundaciokalida.jolmandeveloper.es\/es\/\"><span itemprop=\"name\">Inici<\/span><\/a><meta itemprop=\"position\" content=\"1\"\/><\/div><div class=\"g-breadcrumbs-separator\">\/<\/div><div class=\"g-breadcrumbs-item\">P\u00e1ginas<\/div><\/nav><div class=\"g-cols wpb_row us_custom_73af3cf7 via_flex valign_top type_default stacking_default\"><div class=\"vc_col-sm-12 wpb_column vc_column_container\"><div class=\"vc_column-inner\"><div class=\"wpb_wrapper\"><div class=\"wpb_text_column\"><div class=\"wpb_wrapper\"><p>El diagn\u00f3stico de c\u00e1ncer y las diversas etapas por las que pasas durante el proceso oncol\u00f3gico &#8211; tratamiento, los controles, alta m\u00e9dica-, inevitablemente producen un impacto en casi todos los aspectos de tu vida y de gran manera en las relaciones sociales y familiares.<\/p>\n<p><img loading=\"lazy\" decoding=\"async\" class=\"size-full wp-image-12208 alignleft\" src=\"https:\/\/staging-fundaciokalida.jolmandeveloper.es\/wp-content\/uploads\/2021\/03\/1_5_petita.jpg\" alt=\"\" width=\"300\" height=\"300\" srcset=\"https:\/\/staging-fundaciokalida.jolmandeveloper.es\/wp-content\/uploads\/2021\/03\/1_5_petita.jpg 300w, https:\/\/staging-fundaciokalida.jolmandeveloper.es\/wp-content\/uploads\/2021\/03\/1_5_petita-150x150.jpg 150w, https:\/\/staging-fundaciokalida.jolmandeveloper.es\/wp-content\/uploads\/2021\/03\/1_5_petita-138x138.jpg 138w, https:\/\/staging-fundaciokalida.jolmandeveloper.es\/wp-content\/uploads\/2021\/03\/1_5_petita-100x100.jpg 100w\" sizes=\"auto, (max-width: 300px) 100vw, 300px\" \/><\/p>\n<p>Es muy probable que tus relaciones sociales con las personas m\u00e1s cercanas tambi\u00e9n se vean afectadas, y eso puede ser doloroso. <a href=\"https:\/\/staging-fundaciokalida.jolmandeveloper.es\/es\/como-te-ayudamos\/cancer-y-relaciones-sociales\/relaciones-personales\/\"><strong>T<\/strong><strong>u pareja, tus hijos,\u00a0 <\/strong><\/a><strong>\u00a0o <a href=\"https:\/\/staging-fundaciokalida.jolmandeveloper.es\/es\/como-te-ayudamos\/cancer-y-relaciones-sociales\/compartir-con-los-amigos\/\">tus amigos<\/a><\/strong> est\u00e1n preocupadas por tu salud pero quiz\u00e1s evitan hablar de ello para no sumarte preocupaciones. O quieren ayudarte en aspectos pr\u00e1cticos de tu vida, pero no saben muy bien qu\u00e9 hacer ni qu\u00e9 decir. Por tu parte, quiz\u00e1s te cuesta verbalizar tus pensamientos, tus estados de \u00e1nimo o tus necesidades, tanto si convives con ellas o <a href=\"https:\/\/staging-fundaciokalida.jolmandeveloper.es\/es\/como-te-ayudamos\/cancer-y-relaciones-sociales\/vivir-solo-cuando-tienes-cancer\/\"><strong>vives solo<\/strong><\/a>. Pedir ayuda cuando se tiene c\u00e1ncer es complicado en muchas ocasiones. <\/p>\n<p>Esto suele hacer que las personas con c\u00e1ncer se sientan aisladas, incomprendidas, y que su ansiedad aumente.\u00a0 En esta secci\u00f3n te orientamos para ayudarte a tomar consciencia de estas dificultades, que son muy habituales, a aceptarlas y a gestionar algunas de las situaciones m\u00e1s frecuentes que suelen producirse en las <strong>relaciones sociales<\/strong> durante el c\u00e1ncer. Se trata de las personas que m\u00e1s te quieren y a las que m\u00e1s les importas\u2026sin duda, informarte y ocuparte de tu relaci\u00f3n con ellas mejorar\u00e1 vuestro bienestar.<\/p>\n<\/div><\/div><div class=\"w-separator size_small\"><\/div><div class=\"w-grid us_grid type_grid layout_11774 cols_4 preload_style_spinner\" id=\"us_grid_1\" style=\"--columns:4;--gap:1.5rem;\" data-filterable=\"true\"><style>@media (max-width:1380px){#us_grid_1{--columns:3!important}}@media (max-width:1024px){#us_grid_1{--columns:2!important}}@media (max-width:600px){#us_grid_1{--columns:1!important}}.layout_11774 .w-grid-item-h{}.layout_11774 .usg_post_image_1{margin-bottom:1rem!important;border-radius:20px!important;background:#000000!important}.layout_11774 .usg_post_title_1{color:#000000!important;font-weight:700!important;text-transform:uppercase!important;font-size:17px!important;margin-top:1.5rem!important;margin-bottom:0.5rem!important}.layout_11774 .usg_btn_1{margin-top:1.5rem!important}.layout_11774 .usg_post_custom_field_1{font-size:15px!important;line-height:17px!important;margin-top:0.25rem!important}<\/style><div class=\"w-grid-list\">\t<article class=\"w-grid-item size_1x1 post-71247 post type-post status-publish format-standard has-post-thumbnail hentry category-actualitat-kalida-es category-capta-kalida-es tag-ajuda-cancer-es tag-benestar-emocional-es tag-cancer-es tag-capta-per-kalida-es tag-casament-solidari tag-celebracion-solidaria tag-iniciatives-solidaries-es tag-kalida-sant-pau-es tag-suport-cancer-es\" data-id=\"71247\">\r\n\t\t<div class=\"w-grid-item-h\">\r\n\t\t\t\t\t\t<div class=\"w-post-elm post_image usg_post_image_1 stretched\"><a href=\"https:\/\/staging-fundaciokalida.jolmandeveloper.es\/es\/celebracion-solidaria-xavier-kalida\/\" aria-label=\"Celebrar la vida ayudando a los dem\u00e1s: la iniciativa solidaria de Xavier\"><img loading=\"lazy\" decoding=\"async\" width=\"1920\" height=\"1080\" src=\"https:\/\/staging-fundaciokalida.jolmandeveloper.es\/wp-content\/uploads\/2025\/07\/DOSSIER-DE-PATROCINI-VICTORIA-DELS-ANGELS.jpg\" class=\"attachment-us_600_400_crop size-us_600_400_crop wp-post-image\" alt=\"\" srcset=\"https:\/\/staging-fundaciokalida.jolmandeveloper.es\/wp-content\/uploads\/2025\/07\/DOSSIER-DE-PATROCINI-VICTORIA-DELS-ANGELS.jpg 1920w, https:\/\/staging-fundaciokalida.jolmandeveloper.es\/wp-content\/uploads\/2025\/07\/DOSSIER-DE-PATROCINI-VICTORIA-DELS-ANGELS-800x450.jpg 800w, https:\/\/staging-fundaciokalida.jolmandeveloper.es\/wp-content\/uploads\/2025\/07\/DOSSIER-DE-PATROCINI-VICTORIA-DELS-ANGELS-300x169.jpg 300w, https:\/\/staging-fundaciokalida.jolmandeveloper.es\/wp-content\/uploads\/2025\/07\/DOSSIER-DE-PATROCINI-VICTORIA-DELS-ANGELS-1024x576.jpg 1024w, https:\/\/staging-fundaciokalida.jolmandeveloper.es\/wp-content\/uploads\/2025\/07\/DOSSIER-DE-PATROCINI-VICTORIA-DELS-ANGELS-768x432.jpg 768w, https:\/\/staging-fundaciokalida.jolmandeveloper.es\/wp-content\/uploads\/2025\/07\/DOSSIER-DE-PATROCINI-VICTORIA-DELS-ANGELS-138x78.jpg 138w\" sizes=\"auto, (max-width: 1920px) 100vw, 1920px\" \/><\/a><\/div><p class=\"w-post-elm post_title usg_post_title_1 has_text_color entry-title color_link_inherit\"><a href=\"https:\/\/staging-fundaciokalida.jolmandeveloper.es\/es\/celebracion-solidaria-xavier-kalida\/\">Celebrar la vida ayudando a los dem\u00e1s: la iniciativa solidaria de Xavier<\/a><\/p><div class=\"w-post-elm post_custom_field usg_post_custom_field_1 type_text resum_pel_grid color_link_inherit\"><span class=\"w-post-elm-value\"><\/span><\/div><a class=\"w-btn us-btn-style_8 usg_btn_1\" href=\"https:\/\/staging-fundaciokalida.jolmandeveloper.es\/es\/celebracion-solidaria-xavier-kalida\/\"><span class=\"w-btn-label\">M\u00e1s informaci\u00f3n<\/span><\/a>\t\t<\/div>\r\n\t\t\t<\/article>\r\n\t<article class=\"w-grid-item size_1x1 post-71177 post type-post status-publish format-standard has-post-thumbnail hentry category-actualitat-kalida-es category-capta-kalida-es tag-ajuda-cancer-es tag-benestar-emocional-es tag-cancer-es tag-capta-per-kalida-es tag-casament-solidari tag-iniciatives-solidaries-es tag-kalida-sant-pau-es tag-suport-cancer-es\" data-id=\"71177\">\r\n\t\t<div class=\"w-grid-item-h\">\r\n\t\t\t\t\t\t<div class=\"w-post-elm post_image usg_post_image_1 stretched\"><a href=\"https:\/\/staging-fundaciokalida.jolmandeveloper.es\/es\/un-si-quiero-lleno-de-amor-y-de-solidaridad\/\" aria-label=\"Un \u201cs\u00ed, quiero\u201d lleno de amor&#8230; y de solidaridad\"><img loading=\"lazy\" decoding=\"async\" width=\"1920\" height=\"1080\" src=\"https:\/\/staging-fundaciokalida.jolmandeveloper.es\/wp-content\/uploads\/2025\/07\/INVITACIO-SOPAR-KALIDA_EMAIL.jpg\" class=\"attachment-us_600_400_crop size-us_600_400_crop wp-post-image\" alt=\"\" srcset=\"https:\/\/staging-fundaciokalida.jolmandeveloper.es\/wp-content\/uploads\/2025\/07\/INVITACIO-SOPAR-KALIDA_EMAIL.jpg 1920w, https:\/\/staging-fundaciokalida.jolmandeveloper.es\/wp-content\/uploads\/2025\/07\/INVITACIO-SOPAR-KALIDA_EMAIL-800x450.jpg 800w, https:\/\/staging-fundaciokalida.jolmandeveloper.es\/wp-content\/uploads\/2025\/07\/INVITACIO-SOPAR-KALIDA_EMAIL-300x169.jpg 300w, https:\/\/staging-fundaciokalida.jolmandeveloper.es\/wp-content\/uploads\/2025\/07\/INVITACIO-SOPAR-KALIDA_EMAIL-1024x576.jpg 1024w, https:\/\/staging-fundaciokalida.jolmandeveloper.es\/wp-content\/uploads\/2025\/07\/INVITACIO-SOPAR-KALIDA_EMAIL-768x432.jpg 768w, https:\/\/staging-fundaciokalida.jolmandeveloper.es\/wp-content\/uploads\/2025\/07\/INVITACIO-SOPAR-KALIDA_EMAIL-138x78.jpg 138w\" sizes=\"auto, (max-width: 1920px) 100vw, 1920px\" \/><\/a><\/div><p class=\"w-post-elm post_title usg_post_title_1 has_text_color entry-title color_link_inherit\"><a href=\"https:\/\/staging-fundaciokalida.jolmandeveloper.es\/es\/un-si-quiero-lleno-de-amor-y-de-solidaridad\/\">Un \u201cs\u00ed, quiero\u201d lleno de amor&#8230; y de solidaridad<\/a><\/p><div class=\"w-post-elm post_custom_field usg_post_custom_field_1 type_text resum_pel_grid color_link_inherit\"><span class=\"w-post-elm-value\"><\/span><\/div><a class=\"w-btn us-btn-style_8 usg_btn_1\" href=\"https:\/\/staging-fundaciokalida.jolmandeveloper.es\/es\/un-si-quiero-lleno-de-amor-y-de-solidaridad\/\"><span class=\"w-btn-label\">M\u00e1s informaci\u00f3n<\/span><\/a>\t\t<\/div>\r\n\t\t\t<\/article>\r\n\t<article class=\"w-grid-item size_1x1 post-70481 post type-post status-publish format-standard has-post-thumbnail hentry category-actualitat-kalida-es category-empreses-amigues-es tag-ajuda-cancer-es tag-benestar-emocional-es tag-cancer-es tag-empreses-solidaries-es tag-kalida-sant-pau-es tag-suport-cancer-es\" data-id=\"70481\">\r\n\t\t<div class=\"w-grid-item-h\">\r\n\t\t\t\t\t\t<div class=\"w-post-elm post_image usg_post_image_1 stretched\"><a href=\"https:\/\/staging-fundaciokalida.jolmandeveloper.es\/es\/sant-pau-gana-los-bcnsalutgames-2025-kalida-proyecto-solidario\/\" aria-label=\"Sant Pau gana los BCN Salut Games 2025 y elige K\u0101lida como proyecto solidario\"><img loading=\"lazy\" decoding=\"async\" width=\"2560\" height=\"1920\" src=\"https:\/\/staging-fundaciokalida.jolmandeveloper.es\/wp-content\/uploads\/2025\/06\/3-scaled.jpeg\" class=\"attachment-us_600_400_crop size-us_600_400_crop wp-post-image\" alt=\"\" srcset=\"https:\/\/staging-fundaciokalida.jolmandeveloper.es\/wp-content\/uploads\/2025\/06\/3-scaled.jpeg 2560w, https:\/\/staging-fundaciokalida.jolmandeveloper.es\/wp-content\/uploads\/2025\/06\/3-scaled-800x600.jpeg 800w, https:\/\/staging-fundaciokalida.jolmandeveloper.es\/wp-content\/uploads\/2025\/06\/3-300x225.jpeg 300w, https:\/\/staging-fundaciokalida.jolmandeveloper.es\/wp-content\/uploads\/2025\/06\/3-1024x768.jpeg 1024w, https:\/\/staging-fundaciokalida.jolmandeveloper.es\/wp-content\/uploads\/2025\/06\/3-768x576.jpeg 768w, https:\/\/staging-fundaciokalida.jolmandeveloper.es\/wp-content\/uploads\/2025\/06\/3-138x104.jpeg 138w\" sizes=\"auto, (max-width: 2560px) 100vw, 2560px\" \/><\/a><\/div><p class=\"w-post-elm post_title usg_post_title_1 has_text_color entry-title color_link_inherit\"><a href=\"https:\/\/staging-fundaciokalida.jolmandeveloper.es\/es\/sant-pau-gana-los-bcnsalutgames-2025-kalida-proyecto-solidario\/\">Sant Pau gana los BCN Salut Games 2025 y elige K\u0101lida como proyecto solidario<\/a><\/p><div class=\"w-post-elm post_custom_field usg_post_custom_field_1 type_text resum_pel_grid color_link_inherit\"><span class=\"w-post-elm-value\"><\/span><\/div><a class=\"w-btn us-btn-style_8 usg_btn_1\" href=\"https:\/\/staging-fundaciokalida.jolmandeveloper.es\/es\/sant-pau-gana-los-bcnsalutgames-2025-kalida-proyecto-solidario\/\"><span class=\"w-btn-label\">M\u00e1s informaci\u00f3n<\/span><\/a>\t\t<\/div>\r\n\t\t\t<\/article>\r\n\t<article class=\"w-grid-item size_1x1 post-70121 post type-post status-publish format-standard has-post-thumbnail hentry category-actualitat-kalida-es category-empreses-amigues-es tag-cancer-es tag-cena-concierto tag-cena-solidaria tag-empresas-solidarias tag-kalida-es tag-kalida-sant-pau-es tag-salut-es\" data-id=\"70121\">\r\n\t\t<div class=\"w-grid-item-h\">\r\n\t\t\t\t\t\t<div class=\"w-post-elm post_image usg_post_image_1 stretched\"><a href=\"https:\/\/staging-fundaciokalida.jolmandeveloper.es\/es\/iv-cena-concierto-de-kalida-sant-pau-una-noche-solidaria-para-las-personas-que-conviven-con-el-cancer\/\" aria-label=\"IV Cena Concierto de K\u0101lida Sant Pau: Una noche solidaria para las personas que conviven con el c\u00e1ncer\"><img loading=\"lazy\" decoding=\"async\" width=\"2547\" height=\"1306\" src=\"https:\/\/staging-fundaciokalida.jolmandeveloper.es\/wp-content\/uploads\/2025\/06\/01-scaled-e1751448644869.jpg\" class=\"attachment-us_600_400_crop size-us_600_400_crop wp-post-image\" alt=\"\" srcset=\"https:\/\/staging-fundaciokalida.jolmandeveloper.es\/wp-content\/uploads\/2025\/06\/01-scaled-e1751448644869.jpg 2547w, https:\/\/staging-fundaciokalida.jolmandeveloper.es\/wp-content\/uploads\/2025\/06\/01-scaled-e1751448644869-800x410.jpg 800w, https:\/\/staging-fundaciokalida.jolmandeveloper.es\/wp-content\/uploads\/2025\/06\/01-scaled-e1751448644869-300x154.jpg 300w, https:\/\/staging-fundaciokalida.jolmandeveloper.es\/wp-content\/uploads\/2025\/06\/01-scaled-e1751448644869-1024x525.jpg 1024w, https:\/\/staging-fundaciokalida.jolmandeveloper.es\/wp-content\/uploads\/2025\/06\/01-scaled-e1751448644869-768x394.jpg 768w, https:\/\/staging-fundaciokalida.jolmandeveloper.es\/wp-content\/uploads\/2025\/06\/01-scaled-e1751448644869-138x71.jpg 138w\" sizes=\"auto, (max-width: 2547px) 100vw, 2547px\" \/><\/a><\/div><p class=\"w-post-elm post_title usg_post_title_1 has_text_color entry-title color_link_inherit\"><a href=\"https:\/\/staging-fundaciokalida.jolmandeveloper.es\/es\/iv-cena-concierto-de-kalida-sant-pau-una-noche-solidaria-para-las-personas-que-conviven-con-el-cancer\/\">IV Cena Concierto de K\u0101lida Sant Pau: Una noche solidaria para las personas que conviven con el c\u00e1ncer<\/a><\/p><div class=\"w-post-elm post_custom_field usg_post_custom_field_1 type_text resum_pel_grid color_link_inherit\"><span class=\"w-post-elm-value\"><\/span><\/div><a class=\"w-btn us-btn-style_8 usg_btn_1\" href=\"https:\/\/staging-fundaciokalida.jolmandeveloper.es\/es\/iv-cena-concierto-de-kalida-sant-pau-una-noche-solidaria-para-las-personas-que-conviven-con-el-cancer\/\"><span class=\"w-btn-label\">M\u00e1s informaci\u00f3n<\/span><\/a>\t\t<\/div>\r\n\t\t\t<\/article>\r\n<\/div>\t<div class=\"w-grid-preloader\">\r\n\t\t<div class=\"g-preloader type_1\">\r\n\t\t\t<div><\/div>\r\n\t\t<\/div>\r\n\t<\/div>\r\n\t\t<div class=\"w-grid-json hidden\" onclick='return {&quot;action&quot;:&quot;us_ajax_grid&quot;,&quot;infinite_scroll&quot;:0,&quot;max_num_pages&quot;:132,&quot;pagination&quot;:&quot;none&quot;,&quot;template_vars&quot;:{&quot;columns&quot;:&quot;4&quot;,&quot;exclude_items&quot;:&quot;none&quot;,&quot;img_size&quot;:&quot;default&quot;,&quot;ignore_items_size&quot;:0,&quot;items_layout&quot;:&quot;11774&quot;,&quot;items_offset&quot;:&quot;1&quot;,&quot;load_animation&quot;:&quot;none&quot;,&quot;overriding_link&quot;:&quot;{\\&quot;url\\&quot;:\\&quot;\\&quot;}&quot;,&quot;post_id&quot;:0,&quot;query_args&quot;:{&quot;post_parent&quot;:0,&quot;post_type&quot;:&quot;any&quot;,&quot;ignore_sticky_posts&quot;:1,&quot;posts_per_page&quot;:&quot;4&quot;},&quot;orderby_query_args&quot;:{&quot;orderby&quot;:{&quot;menu_order&quot;:&quot;ASC&quot;},&quot;order&quot;:&quot;ASC&quot;},&quot;type&quot;:&quot;grid&quot;,&quot;us_grid_post_type&quot;:&quot;current_child_pages&quot;,&quot;us_grid_ajax_index&quot;:1,&quot;us_grid_filter_query_string&quot;:null,&quot;us_grid_index&quot;:1,&quot;page_args&quot;:[],&quot;lang&quot;:&quot;es&quot;}}'><\/div>\r\n\t<\/div><\/div><\/div><\/div><\/div><\/div><\/div><\/div><\/div><\/div><\/section><section class=\"l-section wpb_row height_medium\"><div class=\"l-section-h i-cf\"><div class=\"g-cols vc_row via_flex valign_top type_default stacking_default\"><div class=\"vc_col-sm-12 wpb_column vc_column_container\"><div class=\"vc_column-inner\"><div class=\"wpb_wrapper\"><style data-type=\"us_custom-css\">img.ult_hotspot_image{height:80px}a{letter-spacing:-1px}.ult-tooltipster-base{margin-top:25px;margin-left:-25px}<\/style><section class=\"l-section wpb_row height_auto\"><div class=\"l-section-h i-cf\"><div class=\"g-cols vc_row via_flex valign_top type_default stacking_default\"><div class=\"vc_col-sm-12 wpb_column vc_column_container\"><div class=\"vc_column-inner\"><div class=\"wpb_wrapper\"><div class=\"wpb_text_column us_custom_9c33410b\"><div class=\"wpb_wrapper\"><h3 style=\"text-align: center;\">CONTACTA CON NOSOTROS<\/h3>\n<\/div><\/div><div class=\"wpb_text_column us_custom_3b8f9481\"><div class=\"wpb_wrapper\"><p style=\"text-align: center;\">En la Fundaci\u00f3n contra el C\u00e1ncer K\u0101lida estamos aqu\u00ed para acompa\u00f1arte, tanto si te han diagnosticado un c\u00e1ncer, si esperas resultados, has sufrido una reca\u00edda, est\u00e1s en tratamiento o eres familiar de una persona con c\u00e1ncer.<\/p>\n<\/div><\/div><\/div><\/div><\/div><\/div><\/div><\/section><section class=\"l-section wpb_row height_medium\"><div class=\"l-section-h i-cf\"><div class=\"g-cols vc_row via_flex valign_top type_default stacking_default\"><div class=\"vc_col-sm-3 wpb_column vc_column_container\"><div class=\"vc_column-inner\"><div class=\"wpb_wrapper\">[vc_raw_html css=\u00bb%7B%22default%22%3A%7B%22margin-bottom%22%3A%2220px%22%7D%7D\u00bb]PGltZyBzdHlsZT0iZGlzcGxheTogYmxvY2s7IG1hcmdpbjogYXV0bzsiIHdpZHRoPSI1MCIgc3JjPSJodHRwczovL3d3dy5mdW5kYWNpb2thbGlkYS5vcmcvd3AtY29udGVudC91cGxvYWRzLzIwMjEvMDEvYXByb3BhLXQuc3ZnIj4=[\/vc_raw_html][vc_raw_html]PHAgc3R5bGU9InRleHQtYWxpZ246IGNlbnRlcjsgZm9udC1zaXplOiAxOXB4OyBmb250LXdlaWdodDogNjAwOyI+QWPDqXJjYXRlIGEgPGEgaHJlZj0iaHR0cHM6Ly93d3cuZnVuZGFjaW9rYWxpZGEub3JnL2VzL2NvbW8tdGUtYXl1ZGFtb3Mva2FsaWRhLXNhbnQtcGF1LyI+S8SBbGlkYSBTYW50IFBhdTwvYT48L3A+[\/vc_raw_html]<\/div><\/div><\/div><div class=\"vc_col-sm-3 wpb_column vc_column_container\"><div class=\"vc_column-inner\"><div class=\"wpb_wrapper\">[vc_raw_html css=\u00bb%7B%22default%22%3A%7B%22margin-bottom%22%3A%2220px%22%7D%7D\u00bb]PGltZyBzdHlsZT0iZGlzcGxheTogYmxvY2s7IG1hcmdpbjogYXV0bzsiIHdpZHRoPSI1MCIgc3JjPSJodHRwczovL3N0YWdpbmcuZnVuZGFjaW9rYWxpZGEub3JnL3dwLWNvbnRlbnQvdXBsb2Fkcy8yMDIxLzAxL3RydWNhLW5zLnN2ZyI+[\/vc_raw_html][vc_raw_html]PHAgc3R5bGU9InRleHQtYWxpZ246IGNlbnRlcjsgZm9udC1zaXplOiAxOXB4OyBmb250LXdlaWdodDogNjAwOyI+TGxhbWEgYWwgPGEgaHJlZj0idGVsOjkzMCUyMDUwMiUyMDMyMyI+OTMwIDUwMiAzMjM8L2E+PGJyPgpFbnbDrWFub3MgdW4gZW1haWwgYSA8YSBjbGFzcz0iZW1haWwiIGhyZWY9Im1haWx0bzpob2xhQGZ1bmRhY2lva2FsaWRhLm9yZyI+aG9sYUBmdW5kYWNpb2thbGlkYS5vcmc8L2E+PC9wPg==[\/vc_raw_html]<\/div><\/div><\/div><div class=\"vc_col-sm-3 wpb_column vc_column_container\"><div class=\"vc_column-inner\"><div class=\"wpb_wrapper\">[vc_raw_html css=\u00bb%7B%22default%22%3A%7B%22margin-bottom%22%3A%2220px%22%7D%7D\u00bb]PGltZyBzdHlsZT0iZGlzcGxheTogYmxvY2s7IG1hcmdpbjogYXV0bzsiIHdpZHRoPSI2MCIgc3JjPSJodHRwczovL3d3dy5mdW5kYWNpb2thbGlkYS5vcmcvd3AtY29udGVudC91cGxvYWRzLzIwMjEvMDEvZXNjcml1LW5vcy5zdmciPg==[\/vc_raw_html][vc_raw_html]PHAgc3R5bGU9InRleHQtYWxpZ246IGNlbnRlcjsgZm9udC1zaXplOiAxOXB4OyBmb250LXdlaWdodDogNjAwOyI+PGEgc3R5bGU9InRleHQtYWxpZ246IGNlbnRlcjsgZm9udC1zaXplOiAxOXB4OyBmb250LXdlaWdodDogNjAwOyIgaHJlZj0iaHR0cHM6Ly93d3cuZnVuZGFjaW9rYWxpZGEub3JnL2VzL2NvbnRhY3RvLyI+wqFFc2Nyw61iZW5vcyE8L2E+PC9wPg==[\/vc_raw_html]<\/div><\/div><\/div><div class=\"vc_col-sm-3 wpb_column vc_column_container\"><div class=\"vc_column-inner\"><div class=\"wpb_wrapper\">[vc_raw_html css=\u00bb%7B%22default%22%3A%7B%22margin-bottom%22%3A%2220px%22%7D%7D\u00bb]PGltZyBzdHlsZT0iZGlzcGxheTogYmxvY2s7IG1hcmdpbjogYXV0bzsiIHdpZHRoPSI1MCIgc3JjPSJodHRwczovL3d3dy5mdW5kYWNpb2thbGlkYS5vcmcvd3AtY29udGVudC91cGxvYWRzLzIwMjEvMDEvcmVnaXN0cmEtdC5zdmciPg==[\/vc_raw_html][vc_raw_html]PHAgc3R5bGU9InRleHQtYWxpZ246IGNlbnRlcjsgZm9udC1zaXplOiAxOXB4OyBmb250LXdlaWdodDogNjAwOyI+Q29uZWN0YSBhIDxhIGhyZWY9Imh0dHBzOi8vd3d3LmZ1bmRhY2lva2FsaWRhLm9yZy9lcy9rYWxpZGEtb25saW5lLyI+S8SBbGlkYSBPbmxpbmU8L2E+PC9wPg==[\/vc_raw_html]<\/div><\/div><\/div><\/div><\/div><\/section>\n<\/div><\/div><\/div><\/div><\/div><\/section><section class=\"l-section wpb_row height_large\"><div class=\"l-section-h i-cf\"><div class=\"g-cols vc_row via_flex valign_top type_default stacking_default\"><div class=\"vc_col-sm-12 wpb_column vc_column_container\"><div class=\"vc_column-inner\"><div class=\"wpb_wrapper\"><div class=\"wpb_text_column us_custom_03cfcd87 has_text_color\"><div class=\"wpb_wrapper\"><h3 style=\"text-align: center;\">CONVIVIR CON EL C\u00c1NCER<\/h3>\n<\/div><\/div><div class=\"w-grid us_grid type_grid layout_11772 cols_3 overflow_hidden preload_style_spinner\" id=\"us_grid_2\" style=\"--columns:3;--gap:1.5rem;\" data-filterable=\"true\"><style>@media (max-width:1024px){#us_grid_2{--columns:2!important}}@media (max-width:600px){#us_grid_2{--columns:1!important}}.layout_11772 .w-grid-item-h{border-radius:1.25rem}.layout_11772 .usg_post_image_1{border-radius:20px!important}.layout_11772 .usg_vwrapper_1{position:absolute!important;left:0!important;bottom:0!important;right:0!important;background:linear-gradient(0deg,rgba(0,0,0,0.90),rgba(0,0,0,0))!important;padding:10rem 8% 1.5rem 9%!important}.layout_11772 .usg_post_title_1{color:#ffffff!important;font-family:var(--h1-font-family)!important;font-weight:500!important;font-size:1.2rem!important;margin-bottom:0.3rem!important}.layout_11772 .usg_hwrapper_1{color:#fff!important;font-size:0.9rem!important}.layout_11772 .usg_post_date_1{color:#f5f5f5!important;font-size:11px!important}.layout_11772 .usg_post_taxonomy_1{font-weight:700!important;text-transform:uppercase!important;font-size:10px!important}.layout_11772 .usg_post_content_1{color:#ffffff!important;font-size:15px!important;line-height:16px!important}<\/style><div class=\"w-grid-list\">\t<article class=\"w-grid-item size_1x1 post-91041 post type-post status-publish format-standard has-post-thumbnail hentry category-actualitat-kalida-es category-convivir-con-el-cancer tag-cancer-es tag-horticultura-es tag-horticultura-social-es tag-horticultura-terapeutica-es tag-oncologia-es tag-suport-social-es tag-voluntariat-es\" data-id=\"91041\">\r\n\t\t<div class=\"w-grid-item-h\">\r\n\t\t\t\t\t\t<div class=\"w-post-elm post_image usg_post_image_1 stretched\"><a href=\"https:\/\/staging-fundaciokalida.jolmandeveloper.es\/es\/horticultura-social-cancer-kalida\/\" aria-label=\"L&#8217;hort de K\u0101lida: horticultura social per a persones amb c\u00e0ncer, familiars i cuidadors\"><img loading=\"lazy\" decoding=\"async\" width=\"768\" height=\"1024\" src=\"https:\/\/staging-fundaciokalida.jolmandeveloper.es\/wp-content\/uploads\/2026\/06\/IMG_6257-2-768x1024.jpg\" class=\"attachment-large size-large wp-post-image\" alt=\"\" srcset=\"https:\/\/staging-fundaciokalida.jolmandeveloper.es\/wp-content\/uploads\/2026\/06\/IMG_6257-2-768x1024.jpg 768w, https:\/\/staging-fundaciokalida.jolmandeveloper.es\/wp-content\/uploads\/2026\/06\/IMG_6257-2-225x300.jpg 225w, https:\/\/staging-fundaciokalida.jolmandeveloper.es\/wp-content\/uploads\/2026\/06\/IMG_6257-2-300x400.jpg 300w, https:\/\/staging-fundaciokalida.jolmandeveloper.es\/wp-content\/uploads\/2026\/06\/IMG_6257-2-138x184.jpg 138w, https:\/\/staging-fundaciokalida.jolmandeveloper.es\/wp-content\/uploads\/2026\/06\/IMG_6257-2-75x100.jpg 75w, https:\/\/staging-fundaciokalida.jolmandeveloper.es\/wp-content\/uploads\/2026\/06\/IMG_6257-2-800x1067.jpg 800w, https:\/\/staging-fundaciokalida.jolmandeveloper.es\/wp-content\/uploads\/2026\/06\/IMG_6257-2-scaled.jpg 1920w\" sizes=\"auto, (max-width: 768px) 100vw, 768px\" \/><\/a><\/div><div class=\"w-vwrapper usg_vwrapper_1 align_left valign_bottom\"><span class=\"w-post-elm post_title usg_post_title_1 title-entrada has_text_color entry-title color_link_inherit\"><a href=\"https:\/\/staging-fundaciokalida.jolmandeveloper.es\/es\/horticultura-social-cancer-kalida\/\">L&#8217;hort de K\u0101lida: horticultura social per a persones amb c\u00e0ncer, familiars i cuidadors<\/a><\/span><div class=\"w-hwrapper usg_hwrapper_1 has_text_color align_left valign_top wrap\"><time class=\"w-post-elm post_date usg_post_date_1 has_text_color entry-date published\" datetime=\"2026-06-29T17:08:57+02:00\" title=\"29 junio 2026 a las 17:08:57 Europe\/Madrid\">29 Jun a las 5:08 pm<\/time><div class=\"w-post-elm post_content usg_post_content_1 has_text_color\">Poner las manos en la tierra sienta bien. No es&hellip;<\/div><\/div><div class=\"w-post-elm post_taxonomy usg_post_taxonomy_1 style_badge color_link_inherit\"><div class=\"w-post-elm-list\"><span class=\"w-btn us-btn-style_badge term-357 term-actualitat-kalida-es\">Actualidad K\u0101lida<\/span><span class=\"w-btn us-btn-style_badge term-356 term-convivir-con-el-cancer\">Convivir con el c\u00e1ncer<\/span><\/div><\/div><\/div>\t\t<\/div>\r\n\t\t\t<\/article>\r\n\t<article class=\"w-grid-item size_1x1 post-88029 post type-post status-publish format-standard has-post-thumbnail hentry category-actualitat-kalida-es category-convivir-con-el-cancer tag-cancer-es tag-cancer-i-drets-es tag-dret-a-loblit-oncologic-es-2 tag-fundacio-kalida-es-2 tag-superar-el-cancer-es\" data-id=\"88029\">\r\n\t\t<div class=\"w-grid-item-h\">\r\n\t\t\t\t\t\t<div class=\"w-post-elm post_image usg_post_image_1 stretched\"><a href=\"https:\/\/staging-fundaciokalida.jolmandeveloper.es\/es\/dia-mundial-del-melanoma\/\" aria-label=\"D\u00eda Mundial del Melanoma: cuidar la piel, cuidarte a ti\"><img loading=\"lazy\" decoding=\"async\" width=\"819\" height=\"1024\" src=\"https:\/\/staging-fundaciokalida.jolmandeveloper.es\/wp-content\/uploads\/2026\/05\/POSTS-INSTAGRAM-14-819x1024.png\" class=\"attachment-large size-large wp-post-image\" alt=\"\" srcset=\"https:\/\/staging-fundaciokalida.jolmandeveloper.es\/wp-content\/uploads\/2026\/05\/POSTS-INSTAGRAM-14-819x1024.png 819w, https:\/\/staging-fundaciokalida.jolmandeveloper.es\/wp-content\/uploads\/2026\/05\/POSTS-INSTAGRAM-14-240x300.png 240w, https:\/\/staging-fundaciokalida.jolmandeveloper.es\/wp-content\/uploads\/2026\/05\/POSTS-INSTAGRAM-14-300x375.png 300w, https:\/\/staging-fundaciokalida.jolmandeveloper.es\/wp-content\/uploads\/2026\/05\/POSTS-INSTAGRAM-14-768x960.png 768w, https:\/\/staging-fundaciokalida.jolmandeveloper.es\/wp-content\/uploads\/2026\/05\/POSTS-INSTAGRAM-14-138x173.png 138w, https:\/\/staging-fundaciokalida.jolmandeveloper.es\/wp-content\/uploads\/2026\/05\/POSTS-INSTAGRAM-14-80x100.png 80w, https:\/\/staging-fundaciokalida.jolmandeveloper.es\/wp-content\/uploads\/2026\/05\/POSTS-INSTAGRAM-14-800x1000.png 800w, https:\/\/staging-fundaciokalida.jolmandeveloper.es\/wp-content\/uploads\/2026\/05\/POSTS-INSTAGRAM-14.png 1080w\" sizes=\"auto, (max-width: 819px) 100vw, 819px\" \/><\/a><\/div><div class=\"w-vwrapper usg_vwrapper_1 align_left valign_bottom\"><span class=\"w-post-elm post_title usg_post_title_1 title-entrada has_text_color entry-title color_link_inherit\"><a href=\"https:\/\/staging-fundaciokalida.jolmandeveloper.es\/es\/dia-mundial-del-melanoma\/\">D\u00eda Mundial del Melanoma: cuidar la piel, cuidarte a ti<\/a><\/span><div class=\"w-hwrapper usg_hwrapper_1 has_text_color align_left valign_top wrap\"><time class=\"w-post-elm post_date usg_post_date_1 has_text_color entry-date published\" datetime=\"2026-05-20T13:32:35+02:00\" title=\"20 mayo 2026 a las 13:32:35 Europe\/Madrid\">20 May a las 1:32 pm<\/time><div class=\"w-post-elm post_content usg_post_content_1 has_text_color\">Cada 23 de mayo se conmemora el D\u00eda Mundial del&hellip;<\/div><\/div><div class=\"w-post-elm post_taxonomy usg_post_taxonomy_1 style_badge color_link_inherit\"><div class=\"w-post-elm-list\"><span class=\"w-btn us-btn-style_badge term-357 term-actualitat-kalida-es\">Actualidad K\u0101lida<\/span><span class=\"w-btn us-btn-style_badge term-356 term-convivir-con-el-cancer\">Convivir con el c\u00e1ncer<\/span><\/div><\/div><\/div>\t\t<\/div>\r\n\t\t\t<\/article>\r\n\t<article class=\"w-grid-item size_1x1 post-85234 post type-post status-publish format-standard has-post-thumbnail hentry category-actualitat-kalida-es category-convivir-con-el-cancer tag-ajuda-cancer-es tag-benestar-emocional-es tag-cancer-es tag-embt-es tag-kalida-sant-pau-es tag-naturalitzacio-de-lespai-es-2 tag-suport-cancer-es\" data-id=\"85234\">\r\n\t\t<div class=\"w-grid-item-h\">\r\n\t\t\t\t\t\t<div class=\"w-post-elm post_image usg_post_image_1 stretched\"><a href=\"https:\/\/staging-fundaciokalida.jolmandeveloper.es\/es\/naturalitzacio-de-lespai-construit-embt-kalida\/\" aria-label=\"Naturalizaci\u00f3n del espacio contruido\"><img loading=\"lazy\" decoding=\"async\" width=\"685\" height=\"871\" src=\"https:\/\/staging-fundaciokalida.jolmandeveloper.es\/wp-content\/uploads\/2026\/04\/Captura-de-pantalla-2026-04-09-135059.png\" class=\"attachment-large size-large wp-post-image\" alt=\"\" srcset=\"https:\/\/staging-fundaciokalida.jolmandeveloper.es\/wp-content\/uploads\/2026\/04\/Captura-de-pantalla-2026-04-09-135059.png 685w, https:\/\/staging-fundaciokalida.jolmandeveloper.es\/wp-content\/uploads\/2026\/04\/Captura-de-pantalla-2026-04-09-135059-236x300.png 236w, https:\/\/staging-fundaciokalida.jolmandeveloper.es\/wp-content\/uploads\/2026\/04\/Captura-de-pantalla-2026-04-09-135059-300x381.png 300w, https:\/\/staging-fundaciokalida.jolmandeveloper.es\/wp-content\/uploads\/2026\/04\/Captura-de-pantalla-2026-04-09-135059-138x175.png 138w, https:\/\/staging-fundaciokalida.jolmandeveloper.es\/wp-content\/uploads\/2026\/04\/Captura-de-pantalla-2026-04-09-135059-79x100.png 79w\" sizes=\"auto, (max-width: 685px) 100vw, 685px\" \/><\/a><\/div><div class=\"w-vwrapper usg_vwrapper_1 align_left valign_bottom\"><span class=\"w-post-elm post_title usg_post_title_1 title-entrada has_text_color entry-title color_link_inherit\"><a href=\"https:\/\/staging-fundaciokalida.jolmandeveloper.es\/es\/naturalitzacio-de-lespai-construit-embt-kalida\/\">Naturalizaci\u00f3n del espacio contruido<\/a><\/span><div class=\"w-hwrapper usg_hwrapper_1 has_text_color align_left valign_top wrap\"><time class=\"w-post-elm post_date usg_post_date_1 has_text_color entry-date published\" datetime=\"2026-04-13T12:43:02+02:00\" title=\"13 abril 2026 a las 12:43:02 Europe\/Madrid\">13 Abr a las 12:43 pm<\/time><div class=\"w-post-elm post_content usg_post_content_1 has_text_color\">En 2026, Barcelona es Capital Mundial de la Arquitectura, un&hellip;<\/div><\/div><div class=\"w-post-elm post_taxonomy usg_post_taxonomy_1 style_badge color_link_inherit\"><div class=\"w-post-elm-list\"><span class=\"w-btn us-btn-style_badge term-357 term-actualitat-kalida-es\">Actualidad K\u0101lida<\/span><span class=\"w-btn us-btn-style_badge term-356 term-convivir-con-el-cancer\">Convivir con el c\u00e1ncer<\/span><\/div><\/div><\/div>\t\t<\/div>\r\n\t\t\t<\/article>\r\n<\/div>\t<div class=\"w-grid-preloader\">\r\n\t\t<div class=\"g-preloader type_1\">\r\n\t\t\t<div><\/div>\r\n\t\t<\/div>\r\n\t<\/div>\r\n\t\t<div class=\"w-grid-json hidden\" onclick='return {&quot;action&quot;:&quot;us_ajax_grid&quot;,&quot;infinite_scroll&quot;:0,&quot;max_num_pages&quot;:25,&quot;pagination&quot;:&quot;none&quot;,&quot;template_vars&quot;:{&quot;columns&quot;:&quot;3&quot;,&quot;exclude_items&quot;:&quot;none&quot;,&quot;img_size&quot;:&quot;default&quot;,&quot;ignore_items_size&quot;:0,&quot;items_layout&quot;:&quot;11772&quot;,&quot;items_offset&quot;:&quot;1&quot;,&quot;load_animation&quot;:&quot;none&quot;,&quot;overriding_link&quot;:&quot;{\\&quot;url\\&quot;:\\&quot;\\&quot;}&quot;,&quot;post_id&quot;:0,&quot;query_args&quot;:{&quot;post_type&quot;:[&quot;post&quot;],&quot;tax_query&quot;:[{&quot;taxonomy&quot;:&quot;category&quot;,&quot;field&quot;:&quot;slug&quot;,&quot;terms&quot;:[&quot;conviure-amb-el-cancer&quot;]}],&quot;post_status&quot;:[&quot;publish&quot;,&quot;acf-disabled&quot;,&quot;wc-manual-completed&quot;,&quot;tribe-ea-success&quot;,&quot;tribe-ea-failed&quot;,&quot;tribe-ea-schedule&quot;,&quot;tribe-ea-pending&quot;,&quot;tribe-ea-draft&quot;],&quot;posts_per_page&quot;:&quot;3&quot;},&quot;orderby_query_args&quot;:{&quot;orderby&quot;:{&quot;date&quot;:&quot;DESC&quot;}},&quot;type&quot;:&quot;grid&quot;,&quot;us_grid_post_type&quot;:&quot;post&quot;,&quot;us_grid_ajax_index&quot;:2,&quot;us_grid_filter_query_string&quot;:null,&quot;us_grid_index&quot;:2,&quot;page_args&quot;:[],&quot;lang&quot;:&quot;es&quot;}}'><\/div>\r\n\t<\/div><\/div><\/div><\/div><\/div><\/div><\/section>\n","protected":false},"excerpt":{"rendered":"En 2026, Barcelona es Capital Mundial de la Arquitectura, un reconocimiento que pone el foco en la manera en que dise\u00f1amos y habitamos los espacios, entendi\u00e9ndolos no solo como estructuras...<div class='heateorSssClear'><\/div><div  class='heateor_sss_sharing_container heateor_sss_horizontal_sharing' data-heateor-sss-href='https:\/\/staging-fundaciokalida.jolmandeveloper.es\/es\/naturalitzacio-de-lespai-construit-embt-kalida\/'><div class='heateor_sss_sharing_title' style=\"font-weight:bold\" ><\/div><div class=\"heateor_sss_sharing_ul\"><a aria-label=\"Facebook\" class=\"heateor_sss_facebook\" href=\"https:\/\/www.facebook.com\/sharer\/sharer.php?u=https%3A%2F%2Fstaging-fundaciokalida.jolmandeveloper.es%2Fes%2Fnaturalitzacio-de-lespai-construit-embt-kalida%2F\" title=\"Facebook\" rel=\"nofollow noopener\" target=\"_blank\" style=\"font-size:32px!important;box-shadow:none;display:inline-block;vertical-align:middle\"><span class=\"heateor_sss_svg\" style=\"background-color:#0765FE;width:35px;height:35px;display:inline-block;opacity:1;float:left;font-size:32px;box-shadow:none;display:inline-block;font-size:16px;padding:0 4px;vertical-align:middle;background-repeat:repeat;overflow:hidden;padding:0;cursor:pointer;box-sizing:content-box\"><svg style=\"display:block;\" focusable=\"false\" aria-hidden=\"true\" xmlns=\"http:\/\/www.w3.org\/2000\/svg\" width=\"100%\" height=\"100%\" viewBox=\"0 0 32 32\"><path fill=\"#fff\" d=\"M28 16c0-6.627-5.373-12-12-12S4 9.373 4 16c0 5.628 3.875 10.35 9.101 11.647v-7.98h-2.474V16H13.1v-1.58c0-4.085 1.849-5.978 5.859-5.978.76 0 2.072.15 2.608.298v3.325c-.283-.03-.775-.045-1.386-.045-1.967 0-2.728.745-2.728 2.683V16h3.92l-.673 3.667h-3.247v8.245C23.395 27.195 28 22.135 28 16Z\"><\/path><\/svg><\/span><\/a><a aria-label=\"Twitter\" class=\"heateor_sss_button_twitter\" href=\"http:\/\/twitter.com\/intent\/tweet?text=Naturalizaci%C3%B3n%20del%20espacio%20contruido&url=https%3A%2F%2Fstaging-fundaciokalida.jolmandeveloper.es%2Fes%2Fnaturalitzacio-de-lespai-construit-embt-kalida%2F\" title=\"Twitter\" rel=\"nofollow noopener\" target=\"_blank\" style=\"font-size:32px!important;box-shadow:none;display:inline-block;vertical-align:middle\"><span class=\"heateor_sss_svg heateor_sss_s__default heateor_sss_s_twitter\" style=\"background-color:#55acee;width:35px;height:35px;display:inline-block;opacity:1;float:left;font-size:32px;box-shadow:none;display:inline-block;font-size:16px;padding:0 4px;vertical-align:middle;background-repeat:repeat;overflow:hidden;padding:0;cursor:pointer;box-sizing:content-box\"><svg style=\"display:block;\" focusable=\"false\" aria-hidden=\"true\" xmlns=\"http:\/\/www.w3.org\/2000\/svg\" width=\"100%\" height=\"100%\" viewBox=\"-4 -4 39 39\"><path d=\"M28 8.557a9.913 9.913 0 0 1-2.828.775 4.93 4.93 0 0 0 2.166-2.725 9.738 9.738 0 0 1-3.13 1.194 4.92 4.92 0 0 0-3.593-1.55 4.924 4.924 0 0 0-4.794 6.049c-4.09-.21-7.72-2.17-10.15-5.15a4.942 4.942 0 0 0-.665 2.477c0 1.71.87 3.214 2.19 4.1a4.968 4.968 0 0 1-2.23-.616v.06c0 2.39 1.7 4.38 3.952 4.83-.414.115-.85.174-1.297.174-.318 0-.626-.03-.928-.086a4.935 4.935 0 0 0 4.6 3.42 9.893 9.893 0 0 1-6.114 2.107c-.398 0-.79-.023-1.175-.068a13.953 13.953 0 0 0 7.55 2.213c9.056 0 14.01-7.507 14.01-14.013 0-.213-.005-.426-.015-.637.96-.695 1.795-1.56 2.455-2.55z\" fill=\"#fff\"><\/path><\/svg><\/span><\/a><a aria-label=\"Linkedin\" class=\"heateor_sss_button_linkedin\" href=\"https:\/\/www.linkedin.com\/sharing\/share-offsite\/?url=https%3A%2F%2Fstaging-fundaciokalida.jolmandeveloper.es%2Fes%2Fnaturalitzacio-de-lespai-construit-embt-kalida%2F\" title=\"Linkedin\" rel=\"nofollow noopener\" target=\"_blank\" style=\"font-size:32px!important;box-shadow:none;display:inline-block;vertical-align:middle\"><span class=\"heateor_sss_svg heateor_sss_s__default heateor_sss_s_linkedin\" style=\"background-color:#0077b5;width:35px;height:35px;display:inline-block;opacity:1;float:left;font-size:32px;box-shadow:none;display:inline-block;font-size:16px;padding:0 4px;vertical-align:middle;background-repeat:repeat;overflow:hidden;padding:0;cursor:pointer;box-sizing:content-box\"><svg style=\"display:block;\" focusable=\"false\" aria-hidden=\"true\" xmlns=\"http:\/\/www.w3.org\/2000\/svg\" width=\"100%\" height=\"100%\" viewBox=\"0 0 32 32\"><path d=\"M6.227 12.61h4.19v13.48h-4.19V12.61zm2.095-6.7a2.43 2.43 0 0 1 0 4.86c-1.344 0-2.428-1.09-2.428-2.43s1.084-2.43 2.428-2.43m4.72 6.7h4.02v1.84h.058c.56-1.058 1.927-2.176 3.965-2.176 4.238 0 5.02 2.792 5.02 6.42v7.395h-4.183v-6.56c0-1.564-.03-3.574-2.178-3.574-2.18 0-2.514 1.7-2.514 3.46v6.668h-4.187V12.61z\" fill=\"#fff\"><\/path><\/svg><\/span><\/a><\/div><div class=\"heateorSssClear\"><\/div><\/div><div class='heateorSssClear'><\/div>","protected":false},"author":5,"featured_media":12215,"parent":11842,"menu_order":8,"comment_status":"closed","ping_status":"closed","template":"","meta":{"_acf_changed":false,"ngg_post_thumbnail":0,"_price":"","_stock":"","_tribe_ticket_header":"","_tribe_default_ticket_provider":"","_tribe_ticket_capacity":"0","_ticket_start_date":"","_ticket_end_date":"","_tribe_ticket_show_description":"","_tribe_ticket_show_not_going":false,"_tribe_ticket_use_global_stock":"","_tribe_ticket_global_stock_level":"","_global_stock_mode":"","_global_stock_cap":"","_tribe_rsvp_for_event":"","_tribe_ticket_going_count":"","_tribe_ticket_not_going_count":"","_tribe_tickets_list":"[]","_tribe_ticket_has_attendee_info_fields":false,"footnotes":"","_tec_slr_enabled":"","_tec_slr_layout":""},"class_list":["post-13050","page","type-page","status-publish","has-post-thumbnail","hentry"],"acf":[],"ticketed":false,"_links":{"self":[{"href":"https:\/\/staging-fundaciokalida.jolmandeveloper.es\/es\/wp-json\/wp\/v2\/pages\/13050","targetHints":{"allow":["GET"]}}],"collection":[{"href":"https:\/\/staging-fundaciokalida.jolmandeveloper.es\/es\/wp-json\/wp\/v2\/pages"}],"about":[{"href":"https:\/\/staging-fundaciokalida.jolmandeveloper.es\/es\/wp-json\/wp\/v2\/types\/page"}],"author":[{"embeddable":true,"href":"https:\/\/staging-fundaciokalida.jolmandeveloper.es\/es\/wp-json\/wp\/v2\/users\/5"}],"replies":[{"embeddable":true,"href":"https:\/\/staging-fundaciokalida.jolmandeveloper.es\/es\/wp-json\/wp\/v2\/comments?post=13050"}],"version-history":[{"count":13,"href":"https:\/\/staging-fundaciokalida.jolmandeveloper.es\/es\/wp-json\/wp\/v2\/pages\/13050\/revisions"}],"predecessor-version":[{"id":16801,"href":"https:\/\/staging-fundaciokalida.jolmandeveloper.es\/es\/wp-json\/wp\/v2\/pages\/13050\/revisions\/16801"}],"up":[{"embeddable":true,"href":"https:\/\/staging-fundaciokalida.jolmandeveloper.es\/es\/wp-json\/wp\/v2\/pages\/11842"}],"wp:featuredmedia":[{"embeddable":true,"href":"https:\/\/staging-fundaciokalida.jolmandeveloper.es\/es\/wp-json\/wp\/v2\/media\/12215"}],"wp:attachment":[{"href":"https:\/\/staging-fundaciokalida.jolmandeveloper.es\/es\/wp-json\/wp\/v2\/media?parent=13050"}],"curies":[{"name":"wp","href":"https:\/\/api.w.org\/{rel}","templated":true}]}}